{"id":8,"date":"2023-05-19T21:21:32","date_gmt":"2023-05-19T21:21:32","guid":{"rendered":"https:\/\/picasso.arcadien.eu\/wp\/?page_id=8"},"modified":"2025-08-25T09:12:01","modified_gmt":"2025-08-25T09:12:01","slug":"start","status":"publish","type":"page","link":"https:\/\/picasso.arcadien.eu\/wp\/","title":{"rendered":"Picasso"},"content":{"rendered":"<h2><i>zwei Beete im Seestadtgarten<\/i><\/h2>\n<p>&nbsp;<\/p>\n<table width=\"643\" cellspacing=\"0\" cellpadding=\"2\">\n<colgroup> <\/colgroup>\n<tbody>\n<tr>\n<td width=\"200\"><strong>Typ<\/strong><\/td>\n<td width=\"435\">Gemeinschaftsgarten<\/td>\n<\/tr>\n<tr>\n<td width=\"200\" height=\"16\"><strong>Vereinsname<\/strong><\/td>\n<td width=\"435\">Seestadtgarten<\/td>\n<\/tr>\n<tr>\n<td width=\"200\"><strong>Tr\u00e4gerschaft<\/strong><\/td>\n<td width=\"435\">Verein<\/td>\n<\/tr>\n<tr>\n<td width=\"200\"><strong>Kurzbeschreibung<\/strong><\/td>\n<td width=\"435\">Seit 2011 gibt es den Seestadtgarten. Der Garten w\u00e4chst mit der Stadt. Aufgrund der Baustellent\u00e4tigkeiten musste der Garten 2014 in den S\u00fcdwesten siedeln.<\/td>\n<\/tr>\n<tr>\n<td width=\"200\"><strong>Gr\u00f6\u00dfe des Gartens<\/strong><\/td>\n<td width=\"435\">1600 m\u00b2<\/td>\n<\/tr>\n<tr>\n<td width=\"200\"><strong>Anzahl der Beete<\/strong><\/td>\n<td width=\"435\">26<\/td>\n<\/tr>\n<tr>\n<td width=\"200\"><strong>Durchschnittliche Beetgr\u00f6\u00dfe<\/strong><\/td>\n<td width=\"435\">50 m\u00b2<\/td>\n<\/tr>\n<tr>\n<td width=\"200\"><strong>Mitglieder<\/strong><\/td>\n<td width=\"435\">46<\/td>\n<\/tr>\n<tr>\n<td width=\"200\"><strong>Besteht seit<\/strong><\/td>\n<td width=\"435\">2011<\/td>\n<\/tr>\n<tr>\n<td width=\"200\"><strong>Sind Organisationen am Gartenprojekt beteiligt?<\/strong><\/td>\n<td width=\"435\">Von 2011-2014 hatte die Tr\u00e4gerschaft der Verein Gartenpolylog. Seit 2015 ist der Garten selbstverwaltet.<\/td>\n<\/tr>\n<\/tbody>\n<\/table>\n","protected":false},"excerpt":{"rendered":"<p>zwei Beete im Seestadtgarten &nbsp; Typ Gemeinschaftsgarten Vereinsname Seestadtgarten Tr\u00e4gerschaft Verein Kurzbeschreibung Seit 2011 gibt es den Seestadtgarten. Der Garten w\u00e4chst mit der Stadt. Aufgrund der Baustellent\u00e4tigkeiten musste der Garten 2014 in den S\u00fcdwesten siedeln. Gr\u00f6\u00dfe des Gartens 1600 m\u00b2 Anzahl der Beete 26 Durchschnittliche Beetgr\u00f6\u00dfe 50 m\u00b2 Mitglieder 46 Besteht seit 2011 Sind Organisationen [&hellip;]<\/p>\n","protected":false},"author":1,"featured_media":0,"parent":0,"menu_order":0,"comment_status":"closed","ping_status":"closed","template":"","meta":{"footnotes":""},"class_list":["post-8","page","type-page","status-publish","hentry","wpbf-post"],"_links":{"self":[{"href":"https:\/\/picasso.arcadien.eu\/wp\/index.php?rest_route=\/wp\/v2\/pages\/8","targetHints":{"allow":["GET"]}}],"collection":[{"href":"https:\/\/picasso.arcadien.eu\/wp\/index.php?rest_route=\/wp\/v2\/pages"}],"about":[{"href":"https:\/\/picasso.arcadien.eu\/wp\/index.php?rest_route=\/wp\/v2\/types\/page"}],"author":[{"embeddable":true,"href":"https:\/\/picasso.arcadien.eu\/wp\/index.php?rest_route=\/wp\/v2\/users\/1"}],"replies":[{"embeddable":true,"href":"https:\/\/picasso.arcadien.eu\/wp\/index.php?rest_route=%2Fwp%2Fv2%2Fcomments&post=8"}],"version-history":[{"count":9,"href":"https:\/\/picasso.arcadien.eu\/wp\/index.php?rest_route=\/wp\/v2\/pages\/8\/revisions"}],"predecessor-version":[{"id":41,"href":"https:\/\/picasso.arcadien.eu\/wp\/index.php?rest_route=\/wp\/v2\/pages\/8\/revisions\/41"}],"wp:attachment":[{"href":"https:\/\/picasso.arcadien.eu\/wp\/index.php?rest_route=%2Fwp%2Fv2%2Fmedia&parent=8"}],"curies":[{"name":"wp","href":"https:\/\/api.w.org\/{rel}","templated":true}]}}